{"version":"1.0","provider_name":"Debreceni tehets\u00e9gek","provider_url":"https:\/\/orszagosbajnoksag.cafeblog.hu","author_name":"L\u00e9vai Bal\u00e1zs","author_url":"https:\/\/orszagosbajnoksag.cafeblog.hu\/author\/levai_balazs\/","title":"Vill\u00e1s N\u00f3ra","html":"<h2 style=\"text-align: center\"><a href=\"https:\/\/orszagosbajnoksag.cafeblog.hu\/files\/2016\/04\/12834742_977337559011522_1616419993_n.jpg\"><img class=\"alignnone size-medium wp-image-165\" src=\"https:\/\/orszagosbajnoksag.cafeblog.hu\/files\/2016\/04\/12834742_977337559011522_1616419993_n-300x300.jpg\" alt=\"12834742_977337559011522_1616419993_n\" width=\"300\" height=\"300\" \/><\/a><\/h2>\r\n<h2 style=\"text-align: center\">Vill\u00e1s N\u00f3ra<\/h2>\r\n<p>Sz\u00fclet\u00e9si id\u0151: 2001. m\u00e1jus 21.<\/p>\r\n<p>Csapata: N\u0151i OBI\/B<\/p>\r\n<p>Iskola: Debreceni Vegyipari Szakk\u00f6z\u00e9piskola<\/p>\r\n<p>&nbsp;<\/p>\r\n<p>&nbsp;<\/p>\r\n<ul>\r\n<li>Mikor kezdted?<\/li>\r\n<\/ul>\r\n<p><span class=\"null\"><em>Most lesz 3 \u00e9ve, hogy elkezdtem. <\/em> <\/span><\/p>\r\n<ul>\r\n<li>Mi\u00e9rt a v\u00edzilabda?<\/li>\r\n<\/ul>\r\n<p style=\"text-align: justify\"><span class=\"null\"><em>Az\u00e9rt v\u00e1lasztottam ezt a sportot, mert el\u0151tte egy \u00e9vet \u00fasztam hobbib\u00f3l de nagyon meguntam \u00e9s \u00fagy gondoltam v\u00e1ltoztatok. Kipr\u00f3b\u00e1ltam \u00e9s annyira megtetszett hogy itt maradtam. <\/em> <\/span><\/p>\r\n<ul>\r\n<li style=\"text-align: justify\">Mi motiv\u00e1l?<\/li>\r\n<\/ul>\r\n<p style=\"text-align: justify\"><span class=\"null\"><em>Motiv\u00e1l ha az edz\u0151m (Feh\u00e9r L\u00e1szl\u00f3) megdics\u00e9r edz\u00e9seken vagy meccseken. Az is ha edz\u00e9sen \u00e9rzem hogy 100%osan tudok teljes\u00edteni.<\/em> <\/span><\/p>\r\n<ul>\r\n<li style=\"text-align: justify\">Mit kapt\u00e1l ett\u0151l a sportt\u00f3l?<\/li>\r\n<\/ul>\r\n<p style=\"text-align: justify\"><span class=\"null\"><em>Azt kaptam,hogy lehet egy csapatom, egy k\u00fcl\u00f6n bar\u00e1ti k\u00f6r\u00f6m \u00e9s tudhatom hogy milyen egy csapatsport.<\/em> <\/span><\/p>\r\n<ul>\r\n<li style=\"text-align: justify\">Mi volt a legjobb \u00e9lm\u00e9nyed?<\/li>\r\n<\/ul>\r\n<p style=\"text-align: justify\"><span class=\"null\"><em>Hogy harmadikak lehett\u00fcnk a bajnoks\u00e1gban. A csapatban nagyon j\u00f3l \u00e9rzem magam. A hangulat nagyon j\u00f3 mindig. N\u00e9ha m\u00e9g t\u00fal boldogak is vagyunk.<\/em> <\/span><\/p>\r\n<ul>\r\n<li style=\"text-align: justify\">Mi a c\u00e9lod?<\/li>\r\n<\/ul>\r\n<p><em><span class=\"null\"> A c\u00e9lom, hogy j\u00f3 j\u00e1t\u00e9kos lehessek.<\/span><\/em><\/p>\r\n<p><a href=\"https:\/\/orszagosbajnoksag.cafeblog.hu\/files\/2016\/04\/12895527_977337549011523_1952919724_n.jpg\"><img class=\" wp-image-167 aligncenter\" src=\"https:\/\/orszagosbajnoksag.cafeblog.hu\/files\/2016\/04\/12895527_977337549011523_1952919724_n-127x300.jpg\" alt=\"12895527_977337549011523_1952919724_n\" width=\"220\" height=\"520\" \/><\/a><\/p>\r\n<p>Szubjekt\u00edv: Hajr\u00e1 csajok!!!!!!! J\u00f3 kis csapat, kedves l\u00e1nyok, ismerj\u00fck meg \u0151ket!<\/p>\r\n<p><a href=\"http:\/\/waterpolo.hu\/jatekos\/14130\">http:\/\/waterpolo.hu\/jatekos\/14130<\/a><\/p>\r\n<p>Hivatalos oldal: <a href=\"https:\/\/www.facebook.com\/dvseutanpotlas\/\">https:\/\/www.facebook.com\/dvseutanpotlas\/<\/a><\/p>","type":"rich","thumbnail_url":"https:\/\/orszagosbajnoksag.cafeblog.hu\/files\/2016\/04\/12899885_977337795678165_948543327_n-150x150.jpg","thumbnail_width":150,"thumbnail_height":150}